{"id":24756,"date":"2018-08-19T00:00:00","date_gmt":"2019-08-11T06:44:07","guid":{"rendered":"https:\/\/promz.be\/product\/sac-a-dos-jute-personnalise\/"},"modified":"2020-10-22T12:14:37","modified_gmt":"2020-10-22T10:14:37","slug":"sac-a-dos-jute-personnalise","status":"publish","type":"product","link":"https:\/\/promz.be\/fr\/product\/sac-a-dos-jute-personnalise\/","title":{"rendered":"Sac \u00e0 dos Jute personnalis\u00e9"},"content":{"rendered":"<p>Un de nos nouveaux coups de c\u0153ur est ce sac en toile de Jute. Tout le sac \u00e9tant fabriqu\u00e9 en toile de Jute et en coton, le design est vraiment naturel et \u00e9cologique. Pour l\u2019arriv\u00e9e des beaux jours, ce sac est vraiment indispensable. Il est compos\u00e9 d\u2019un compartiment principal zipp\u00e9 et d\u2019une poche frontale zipp\u00e9e \u00e9galement. Ce sac peut \u00eatre utilis\u00e9 dans beaucoup de moments comme pour aller se balader, travailler ou m\u00eame faire quelques courses. Ce sac est personnalisable au niveau de la poche avant gr\u00e2ce \u00e0 diff\u00e9rentes m\u00e9thodes d\u2019impression. Vous pouvez ainsi y ins\u00e9rer votre logo, nom d\u2019entreprise ou ce que vous souhaitez pour en faire un outil de communication pour votre marque. Une fois personnalis\u00e9, vous pourrez l\u2019offrir \u00e0 vos collaborateurs ou clients en guise de cadeau de remerciement pour leur fid\u00e9lit\u00e9 par exemple. Cela vous permettra de promouvoir votre marque l\u00e0 o\u00f9 vous ne serez pas pr\u00e9sent physiquement gr\u00e2ce \u00e0 la personnalisation.<\/p>\n","protected":false},"excerpt":{"rendered":"<p>Un de nos nouveaux coups de c\u0153ur est ce sac en toile de Jute. Tout le sac \u00e9tant fabriqu\u00e9 en toile de Jute et en coton, le design est vraiment naturel et \u00e9cologique. Pour l\u2019arriv\u00e9e des beaux jours, ce sac est vraiment indispensable. Il est compos\u00e9 d\u2019un compartiment principal zipp\u00e9 et d\u2019une poche frontale zipp\u00e9e \u00e9galement. Ce sac peut \u00eatre utilis\u00e9 dans beaucoup de moments comme pour aller se balader, travailler ou m\u00eame faire quelques courses. Ce sac est personnalisable au niveau de la poche avant gr\u00e2ce \u00e0 diff\u00e9rentes m\u00e9thodes d\u2019impression. Vous pouvez ainsi y ins\u00e9rer votre logo, nom d\u2019entreprise ou ce que vous souhaitez pour en faire un outil de communication pour votre marque. Une fois personnalis\u00e9, vous pourrez l\u2019offrir \u00e0 vos collaborateurs ou clients en guise de cadeau de remerciement pour leur fid\u00e9lit\u00e9 par exemple. Cela vous permettra de promouvoir votre marque l\u00e0 o\u00f9 vous ne serez pas pr\u00e9sent physiquement gr\u00e2ce \u00e0 la personnalisation. [&#8230;]<\/p>\n<p><a class=\"btn btn-secondary understrap-read-more-link\" href=\"https:\/\/promz.be\/fr\/product\/sac-a-dos-jute-personnalise\/\">Lire la suite&#8230;<\/a><\/p>\n","protected":false},"featured_media":24643,"comment_status":"closed","ping_status":"open","template":"","meta":[],"product_cat":[980,957,978,954],"product_tag":[],"_links":{"self":[{"href":"https:\/\/promz.be\/fr\/wp-json\/wp\/v2\/product\/24756"}],"collection":[{"href":"https:\/\/promz.be\/fr\/wp-json\/wp\/v2\/product"}],"about":[{"href":"https:\/\/promz.be\/fr\/wp-json\/wp\/v2\/types\/product"}],"replies":[{"embeddable":true,"href":"https:\/\/promz.be\/fr\/wp-json\/wp\/v2\/comments?post=24756"}],"wp:featuredmedia":[{"embeddable":true,"href":"https:\/\/promz.be\/fr\/wp-json\/wp\/v2\/media\/24643"}],"wp:attachment":[{"href":"https:\/\/promz.be\/fr\/wp-json\/wp\/v2\/media?parent=24756"}],"wp:term":[{"taxonomy":"product_cat","embeddable":true,"href":"https:\/\/promz.be\/fr\/wp-json\/wp\/v2\/product_cat?post=24756"},{"taxonomy":"product_tag","embeddable":true,"href":"https:\/\/promz.be\/fr\/wp-json\/wp\/v2\/product_tag?post=24756"}],"curies":[{"name":"wp","href":"https:\/\/api.w.org\/{rel}","templated":true}]}}